{"id":7606,"date":"2024-05-02T13:16:56","date_gmt":"2024-05-02T11:16:56","guid":{"rendered":"https:\/\/leogeracademy.hestia.wpspace.me\/?post_type=docs&#038;p=7606"},"modified":"2024-12-10T17:12:30","modified_gmt":"2024-12-10T16:12:30","password":"","slug":"4-wie-nutze-ich-die-gottesdienststatistiken","status":"publish","type":"docs","link":"https:\/\/staging.churchtools.academy\/de\/help\/rahmenvertragspartner\/elkw\/4-wie-nutze-ich-die-gottesdienststatistiken\/","title":{"rendered":"Wie nutze ich die Gottesdienststatistiken?"},"content":{"rendered":"\n<p>Um dir die Abfrage und den \u00dcberblick \u00fcber deine Gottesdienste zu erleichtern, kann ChurchTools dir eigens f\u00fcr die Landeskirchen erstellte Reports in deine ChurchTools Installation einpflegen. Wende dich dazu bitte einfach an unseren <a href=\"https:\/\/contact.church.tools\/help\">Support<\/a>.<\/p>\n\n\n\n<p>Sobald die Reports eingepflegt wurden, kannst du diese eigenst\u00e4ndig nutzen.<br>Wie du das am besten machst, erf\u00e4hrst du in dieser Anleitung.<\/p>\n\n\n\n<h2 class=\"wp-block-heading\">1. Fakten anlegen<\/h2>\n\n\n\n<p>Um die Reports nutzen zu k\u00f6nnen, ist es notwendig, die daf\u00fcr ben\u00f6tigten <em>Fakten<\/em> in den <em>Stammdaten<\/em> des <em>Event-Moduls<\/em> einzutragen.<\/p>\n\n\n\n<p>Unsere Anleitung, wie du neue <em>Fakten<\/em> anlegst, findest du <a href=\"https:\/\/staging.churchtools.academy\/help\/churchtools-module\/verwalten-events\/40-wie-lege-ich-fakten-an\/\" type=\"docs\" id=\"7140\">hier<\/a>.<\/p>\n\n\n\n<p>F\u00fcr die Reports ben\u00f6tigst du verschiedene Fakten, nach denen du die Gottesdienste kategorisieren m\u00f6chtest.<br>Du kannst dich f\u00fcr die Kategorisierung deiner Gottesdienste gerne an unseren <strong>f\u00fcnf Beispielfakten<\/strong> orientieren.<br>Diese Beispielfakten kannst du selbstverst\u00e4ndlich eigenst\u00e4ndig nach einem f\u00fcr dich sinnvollen Schema benennen und die m\u00f6glichen <em>Auswahlfelder<\/em> so bef\u00fcllen, wie du es ben\u00f6tigst.<\/p>\n\n\n\n<aside class=\"wp-block-group ct-box ct-box-blue has-background is-vertical is-layout-flex wp-container-core-group-is-layout-002f1c27 wp-block-group-is-layout-flex\" style=\"border-radius:8px;border-left-color:#3e70ce;border-left-width:0.5rem;background-color:#f3f5f7;margin-top:var(--wp--preset--spacing--60);margin-bottom:var(--wp--preset--spacing--60)\">\n<p style=\"margin-top:0.5rem;margin-right:0.5rem;margin-bottom:0rem;margin-left:0.5rem\"><strong>Hinweis<\/strong><\/p>\n\n\n\n<p style=\"margin-top:0rem;margin-right:0.5rem;margin-bottom:0.5rem;margin-left:0.5rem\">Alle Events, welche du nicht mit den Fakten <em>kategorisierst<\/em>, werden sp\u00e4ter im Report unter <em>ZZ nicht kategorisiert<\/em> angezeigt. So kannst du auch \u00fcberpr\u00fcfen, ob du alle deine Gottesdienste korrekt kategorisiert hast. Sollten noch ein paar fehlen, kannst du diese noch nachtr\u00e4glich kategorisieren, damit sie im Report korrekt ausgewertet werden.<\/p>\n<\/aside>\n\n\n\n<h3 class=\"wp-block-heading\">Gottesdienstkategorie<\/h3>\n\n\n\n<p>M\u00f6gliche Optionen: Gottesdienste ohne Kindergottesdienste,Kindergottesdienste,Digitale Gottesdienste,Sonstige Veranstaltungen<\/p>\n\n\n\n<aside class=\"wp-block-group ct-box ct-box-blue has-background is-vertical is-layout-flex wp-container-core-group-is-layout-002f1c27 wp-block-group-is-layout-flex\" style=\"border-radius:8px;border-left-color:#3e70ce;border-left-width:0.5rem;background-color:#f3f5f7;margin-top:var(--wp--preset--spacing--60);margin-bottom:var(--wp--preset--spacing--60)\">\n<p style=\"margin-top:0.5rem;margin-right:0.5rem;margin-bottom:0rem;margin-left:0.5rem\"><strong>Hinweis<\/strong><\/p>\n\n\n\n<p style=\"margin-top:0rem;margin-right:0.5rem;margin-bottom:0.5rem;margin-left:0.5rem\">Die m\u00f6glichen Optionen haben wir f\u00fcr dich absichtlich ohne Leerzeichen aufgelistet. So kannst du sie einfach kopieren und in deinen Datens\u00e4tzen einf\u00fcgen, wo du sie ohne Leerzeichen auflisten musst.<\/p>\n<\/aside>\n\n\n\n<figure class=\"wp-block-image\"><img fetchpriority=\"high\" decoding=\"async\" width=\"440\" height=\"296\" src=\"https:\/\/staging.churchtools.academy\/wp-content\/uploads\/2024\/05\/image-227.png\" alt=\"\" class=\"wp-image-11874\" srcset=\"https:\/\/staging.churchtools.academy\/wp-content\/uploads\/2024\/05\/image-227.png 440w, https:\/\/staging.churchtools.academy\/wp-content\/uploads\/2024\/05\/image-227-300x202.png 300w, https:\/\/staging.churchtools.academy\/wp-content\/uploads\/2024\/05\/image-227-360x242.png 360w\" sizes=\"(max-width: 440px) 100vw, 440px\" \/><\/figure>\n\n\n\n<h3 class=\"wp-block-heading\">Pr\u00e4senzgottesdienste (ohne Kindergottesdienste)<\/h3>\n\n\n\n<p>M\u00f6gliche Optionen: Standard,Familiengottesdienst,Jugendgottesdienst,Invokavit,Karfreitag,Erntedankfest,1. Advent,Heiligabend,Jahresabschluss<\/p>\n\n\n\n<figure class=\"wp-block-image\"><img decoding=\"async\" width=\"440\" height=\"295\" src=\"https:\/\/staging.churchtools.academy\/wp-content\/uploads\/2024\/05\/image-226.png\" alt=\"\" class=\"wp-image-11872\" srcset=\"https:\/\/staging.churchtools.academy\/wp-content\/uploads\/2024\/05\/image-226.png 440w, https:\/\/staging.churchtools.academy\/wp-content\/uploads\/2024\/05\/image-226-300x201.png 300w, https:\/\/staging.churchtools.academy\/wp-content\/uploads\/2024\/05\/image-226-360x241.png 360w\" sizes=\"(max-width: 440px) 100vw, 440px\" \/><\/figure>\n\n\n\n<h3 class=\"wp-block-heading\">Kindergottesdienste<\/h3>\n\n\n\n<p>M\u00f6gliche Optionen: Kindergottesdienst allgemein,Kindergottesdienst am Sonntag,Invokavit,Kindergottesdienst f\u00fcr Grundschulkinder<\/p>\n\n\n\n<figure class=\"wp-block-image\"><img decoding=\"async\" width=\"440\" height=\"293\" src=\"https:\/\/staging.churchtools.academy\/wp-content\/uploads\/2024\/05\/image-228.png\" alt=\"\" class=\"wp-image-11876\" srcset=\"https:\/\/staging.churchtools.academy\/wp-content\/uploads\/2024\/05\/image-228.png 440w, https:\/\/staging.churchtools.academy\/wp-content\/uploads\/2024\/05\/image-228-300x200.png 300w, https:\/\/staging.churchtools.academy\/wp-content\/uploads\/2024\/05\/image-228-360x240.png 360w\" sizes=\"(max-width: 440px) 100vw, 440px\" \/><\/figure>\n\n\n\n<h3 class=\"wp-block-heading\">Digitale Gottesdienste<\/h3>\n\n\n\n<p>M\u00f6gliche Optionen: Digitaler Gottesdienst allgemein, Ausschlie\u00dflich f\u00fcr Internet &amp; Radio &amp; Fernsehen<\/p>\n\n\n\n<figure class=\"wp-block-image\"><img loading=\"lazy\" decoding=\"async\" width=\"440\" height=\"294\" src=\"https:\/\/staging.churchtools.academy\/wp-content\/uploads\/2024\/05\/image-230.png\" alt=\"\" class=\"wp-image-11878\" srcset=\"https:\/\/staging.churchtools.academy\/wp-content\/uploads\/2024\/05\/image-230.png 440w, https:\/\/staging.churchtools.academy\/wp-content\/uploads\/2024\/05\/image-230-300x200.png 300w, https:\/\/staging.churchtools.academy\/wp-content\/uploads\/2024\/05\/image-230-360x241.png 360w\" sizes=\"(max-width: 440px) 100vw, 440px\" \/><\/figure>\n\n\n\n<h3 class=\"wp-block-heading\">Abendmahl<\/h3>\n\n\n\n<p>M\u00f6gliche Optionen: Ja,Nein<\/p>\n\n\n\n<figure class=\"wp-block-image\"><img loading=\"lazy\" decoding=\"async\" width=\"440\" height=\"295\" src=\"https:\/\/staging.churchtools.academy\/wp-content\/uploads\/2024\/05\/image-232.png\" alt=\"\" class=\"wp-image-11884\" srcset=\"https:\/\/staging.churchtools.academy\/wp-content\/uploads\/2024\/05\/image-232.png 440w, https:\/\/staging.churchtools.academy\/wp-content\/uploads\/2024\/05\/image-232-300x201.png 300w, https:\/\/staging.churchtools.academy\/wp-content\/uploads\/2024\/05\/image-232-360x241.png 360w\" sizes=\"(max-width: 440px) 100vw, 440px\" \/><\/figure>\n\n\n\n<h2 class=\"wp-block-heading\">2. Eventvorlage erstellen<\/h2>\n\n\n\n<p>Als n\u00e4chstes ist es sinnvoll, wenn du dir Eventvorlagen f\u00fcr deine verschiedenen Gottesdienste anlegst und darin hinterlegst, dass die eben erstellten Fakten immer standardm\u00e4\u00dfig dem Event hinzugef\u00fcgt werden.<\/p>\n\n\n\n<p>Unsere Anleitung zur Erstellung von Eventvorlagen findest du <a href=\"https:\/\/staging.churchtools.academy\/help\/churchtools-module\/verwalten-events\/40-wie-lege-ich-eine-eventvorlage-an\/\" type=\"docs\" id=\"7138\">hier<\/a>.<\/p>\n\n\n\n<p>Du ben\u00f6tigst also f\u00fcr jede Art Gottesdienst, der in deiner Statistik auftauchen soll, eine eigene Vorlage, in welcher du die entsprechende Kategorisierung anhand der erstellten Fakten ausgef\u00fcllt hast.<\/p>\n\n\n\n<p>F\u00fcr die Eventvorlage eines <em>Familiengottesdienstes<\/em> s\u00e4he die Faktenauswahl z. B. so aus:<\/p>\n\n\n\n<figure class=\"wp-block-image\"><img loading=\"lazy\" decoding=\"async\" width=\"440\" height=\"363\" src=\"https:\/\/staging.churchtools.academy\/wp-content\/uploads\/2024\/05\/image-231.png\" alt=\"\" class=\"wp-image-11886\" srcset=\"https:\/\/staging.churchtools.academy\/wp-content\/uploads\/2024\/05\/image-231.png 440w, https:\/\/staging.churchtools.academy\/wp-content\/uploads\/2024\/05\/image-231-300x248.png 300w, https:\/\/staging.churchtools.academy\/wp-content\/uploads\/2024\/05\/image-231-360x297.png 360w\" sizes=\"(max-width: 440px) 100vw, 440px\" \/><\/figure>\n\n\n\n<h2 class=\"wp-block-heading\">3. Termine mit zugeh\u00f6rigen Events erstellen<\/h2>\n\n\n\n<p>Wenn du neue Gottesdienste in ChurchTools anlegen m\u00f6chtest, legst du nun am besten direkt im <em>Kalendermodul<\/em> einen neuen <em>Termin<\/em> mit zugeh\u00f6rigem <em>Event<\/em> an.<\/p>\n\n\n\n<p>Wie du das machst, erf\u00e4hrst du <a href=\"https:\/\/staging.churchtools.academy\/help\/churchtools-module\/termine-erstellen\/17-wie-erstelle-ich-einen-termin-mit-event\/\" data-type=\"docs\" data-id=\"7540\">hier<\/a>.<\/p>\n\n\n\n<p>Wichtig ist dabei, dass du als Eventvorlage eine der eben erstellten Vorlagen nutzt, in welcher du die neuen Fakten hinterlegt hast.<\/p>\n\n\n\n<aside class=\"wp-block-group ct-box ct-box-blue has-background is-vertical is-layout-flex wp-container-core-group-is-layout-002f1c27 wp-block-group-is-layout-flex\" style=\"border-radius:8px;border-left-color:#22c55e;border-left-width:0.5rem;background-color:#dcfce7;margin-top:var(--wp--preset--spacing--60);margin-bottom:var(--wp--preset--spacing--60)\">\n<p style=\"margin-top:0.5rem;margin-right:0.5rem;margin-bottom:0rem;margin-left:0.5rem\"><strong>Tipp<\/strong><\/p>\n\n\n\n<p style=\"margin-top:0rem;margin-right:0.5rem;margin-bottom:0.5rem;margin-left:0.5rem\">Nachdem du alle Termininformationen eingetragen und die Eventvorlage ausgew\u00e4hlt hast, kannst du auch vor dem <em>Speichern<\/em> deines Termins eine <em>Terminvorlage<\/em> abspeichern und dir damit das Anlegen zuk\u00fcnftiger Termine mit dieser Eventvorlage erleichtern.<br><img loading=\"lazy\" decoding=\"async\" width=\"440\" height=\"52\" class=\"wp-image-11880\" style=\"width: 550px\" src=\"https:\/\/staging.churchtools.academy\/wp-content\/uploads\/2024\/05\/image-229.png\" alt=\"\" srcset=\"https:\/\/staging.churchtools.academy\/wp-content\/uploads\/2024\/05\/image-229.png 440w, https:\/\/staging.churchtools.academy\/wp-content\/uploads\/2024\/05\/image-229-300x35.png 300w, https:\/\/staging.churchtools.academy\/wp-content\/uploads\/2024\/05\/image-229-360x43.png 360w\" sizes=\"(max-width: 440px) 100vw, 440px\" \/><\/p>\n<\/aside>\n\n\n\n<blockquote class=\"wp-block-quote is-layout-flow wp-block-quote-is-layout-flow\">\n<p>Wenn du verschiedene <em>Kalender<\/em> f\u00fcr deine unterschiedlichen <em>Gottesdienste<\/em> nutzt, kannst du auch f\u00fcr jeden Kalender die entsprechende <em>Eventvorlage<\/em> hinterlegen, die dann immer genutzt wird, wenn du in diesem Kalender einen <em>Termin mit Event<\/em> erstellst.<\/p>\n\n\n\n<p>Wie das funktioniert, erf\u00e4hrst du <a href=\"https:\/\/staging.churchtools.academy\/help\/churchtools-module\/kalender-erstellen-verwalten\/17-wie-hinterlege-ich-eine-event-vorlage-fur-einen-bestimmten-kalender\/\" data-type=\"docs\" data-id=\"7545\">hier<\/a>.<\/p>\n<\/blockquote>\n\n\n\n<h2 class=\"wp-block-heading\">4. Report abrufen<\/h2>\n\n\n\n<p>Wenn du deine Gottesdienste mithilfe der Eventvorlagen erstellt oder die entsprechenden Fakten manuell eingetragen hast, kannst du die Gottesdienststatistiken im <em>Reports-Modul<\/em> (1) abrufen.<br>Dazu w\u00e4hlst du den <em>AdHoc-Report<\/em> (2) <em>Gottesdienststatistik<\/em> (3) aus und definierst, welchen <em>Bericht<\/em> (4) du angezeigt bekommen m\u00f6chtest (<em>Anzahl der Veranstaltungen<\/em>, <em>Besucheranzahl<\/em> oder <em>H\u00e4ufigkeit des Abendmahls<\/em>).<\/p>\n\n\n\n<p>Mit einem Klick auf <em>Abfrage ausf\u00fchren<\/em> (5) wird dir die gew\u00fcnschte Statistik angezeigt und du kannst die Anzeige noch zus\u00e4tzlich nach <em>Jahr<\/em> (6) und <em>Monat<\/em> (7) eingrenzen.<\/p>\n\n\n\n<figure class=\"wp-block-image\"><img loading=\"lazy\" decoding=\"async\" width=\"440\" height=\"52\" src=\"https:\/\/staging.churchtools.academy\/wp-content\/uploads\/2024\/05\/image-229.png\" alt=\"\" class=\"wp-image-11881\" srcset=\"https:\/\/staging.churchtools.academy\/wp-content\/uploads\/2024\/05\/image-229.png 440w, https:\/\/staging.churchtools.academy\/wp-content\/uploads\/2024\/05\/image-229-300x35.png 300w, https:\/\/staging.churchtools.academy\/wp-content\/uploads\/2024\/05\/image-229-360x43.png 360w\" sizes=\"(max-width: 440px) 100vw, 440px\" \/><\/figure>\n\n\n\n<p>Unsere detaillierte Anleitung zum Abruf von <em>AdHoc-Reports<\/em> findest du <a href=\"https:\/\/staging.churchtools.academy\/help\/churchtools-module\/adhoc-reports\/4-wie-verwende-ich-einen-adhoc-report\/\" type=\"docs\" id=\"7607\">hier<\/a>.<\/p>\n","protected":false},"excerpt":{"rendered":"<p>Um dir die Abfrage und den \u00dcberblick \u00fcber deine Gottesdienste zu erleichtern, kann ChurchTools dir eigens f\u00fcr die Landeskirchen erstellte Reports in deine ChurchTools Installation einpflegen. Wende dich dazu bitte einfach an unseren Support. Sobald die Reports eingepflegt wurden, kannst du diese eigenst\u00e4ndig nutzen.Wie du das am besten machst, erf\u00e4hrst du in dieser Anleitung. 1. [&hellip;]<\/p>\n","protected":false},"author":7,"featured_media":0,"comment_status":"closed","ping_status":"closed","template":"","meta":{"_acf_changed":false,"footnotes":""},"doc_category":[386],"doc_tag":[],"knowledge_base":[380],"class_list":["post-7606","docs","type-docs","status-publish","hentry","doc_category-elkw","knowledge_base-rahmenvertragspartner"],"acf":[],"year_month":"2026-05","word_count":497,"total_views":"201","reactions":{"happy":"0","normal":"0","sad":"0"},"author_info":{"name":"Victoria Weidemann","author_nicename":"vweidemann","author_url":"https:\/\/staging.churchtools.academy\/de\/author\/vweidemann\/"},"doc_category_info":[{"term_name":"Evangelische Landeskirche in W\u00fcrttemberg","term_url":"https:\/\/staging.churchtools.academy\/de\/help\/rahmenvertragspartner\/elkw\/"}],"doc_tag_info":[],"knowledge_base_info":[{"term_name":"Rahmenvertragspartner","term_url":"https:\/\/staging.churchtools.academy\/de\/help\/rahmenvertragspartner\/","term_slug":"rahmenvertragspartner"}],"knowledge_base_slug":["rahmenvertragspartner"],"_links":{"self":[{"href":"https:\/\/staging.churchtools.academy\/de\/wp-json\/wp\/v2\/docs\/7606","targetHints":{"allow":["GET"]}}],"collection":[{"href":"https:\/\/staging.churchtools.academy\/de\/wp-json\/wp\/v2\/docs"}],"about":[{"href":"https:\/\/staging.churchtools.academy\/de\/wp-json\/wp\/v2\/types\/docs"}],"author":[{"embeddable":true,"href":"https:\/\/staging.churchtools.academy\/de\/wp-json\/wp\/v2\/users\/7"}],"replies":[{"embeddable":true,"href":"https:\/\/staging.churchtools.academy\/de\/wp-json\/wp\/v2\/comments?post=7606"}],"version-history":[{"count":5,"href":"https:\/\/staging.churchtools.academy\/de\/wp-json\/wp\/v2\/docs\/7606\/revisions"}],"predecessor-version":[{"id":25439,"href":"https:\/\/staging.churchtools.academy\/de\/wp-json\/wp\/v2\/docs\/7606\/revisions\/25439"}],"wp:attachment":[{"href":"https:\/\/staging.churchtools.academy\/de\/wp-json\/wp\/v2\/media?parent=7606"}],"wp:term":[{"taxonomy":"doc_category","embeddable":true,"href":"https:\/\/staging.churchtools.academy\/de\/wp-json\/wp\/v2\/doc_category?post=7606"},{"taxonomy":"doc_tag","embeddable":true,"href":"https:\/\/staging.churchtools.academy\/de\/wp-json\/wp\/v2\/doc_tag?post=7606"},{"taxonomy":"knowledge_base","embeddable":true,"href":"https:\/\/staging.churchtools.academy\/de\/wp-json\/wp\/v2\/knowledge_base?post=7606"}],"curies":[{"name":"wp","href":"https:\/\/api.w.org\/{rel}","templated":true}]}}