{"id":7538,"date":"2025-03-28T11:28:51","date_gmt":"2025-03-28T10:28:51","guid":{"rendered":"https:\/\/leogeracademy.hestia.wpspace.me\/?post_type=docs&#038;p=7538"},"modified":"2025-04-02T13:34:56","modified_gmt":"2025-04-02T12:34:56","password":"","slug":"17-wie-erstelle-ich-einen-kalender","status":"publish","type":"docs","link":"https:\/\/staging.churchtools.academy\/de\/help\/churchtools-module\/kalender-erstellen-verwalten\/17-wie-erstelle-ich-einen-kalender\/","title":{"rendered":"Wie erstelle ich einen Kalender?"},"content":{"rendered":"\n<h2 class=\"wp-block-heading\">1. Kalenderkategorie w\u00e4hlen<\/h2>\n\n\n\n<p>Navigiere zum Kalendermodul. Dort stehen dir drei verschiedene Kalenderkategorien zur Verf\u00fcgung: <em><strong><a href=\"https:\/\/staging.churchtools.academy\/help\/churchtools-module\/grundlagen-kalender\/17-welche-unterschiedlichen-kalender-gibt-es\/#gemeindekalender\">Gemeindekalender<\/a><\/strong><\/em>, <em><strong><a href=\"https:\/\/staging.churchtools.academy\/help\/churchtools-module\/grundlagen-kalender\/17-welche-unterschiedlichen-kalender-gibt-es\/#gruppenkalender\">Gruppenkalender<\/a><\/strong><\/em> und <em><strong><a href=\"https:\/\/staging.churchtools.academy\/help\/churchtools-module\/grundlagen-kalender\/17-welche-unterschiedlichen-kalender-gibt-es\/#pers\u00f6nliche-kalender\">pers\u00f6nliche Kalender<\/a><\/strong><\/em>.<\/p>\n\n\n\n<h2 class=\"wp-block-heading\">2. Kalender erstellen<\/h2>\n\n\n\n<p>Klicke auf das <em><strong>&#8222;+&#8220;-Symbol neben der Kategorie<\/strong><\/em>, in der du einen Kalender erstellen m\u00f6chtest.<\/p>\n\n\n\n<figure class=\"wp-block-image size-full\"><a href=\"https:\/\/staging.churchtools.academy\/wp-content\/uploads\/2025\/03\/Kalender_Kalender-hinzufuegen.png\"><img fetchpriority=\"high\" decoding=\"async\" width=\"2560\" height=\"1112\" src=\"https:\/\/staging.churchtools.academy\/wp-content\/uploads\/2025\/03\/Kalender_Kalender-hinzufuegen.png\" alt=\"\" class=\"wp-image-27338\" srcset=\"https:\/\/staging.churchtools.academy\/wp-content\/uploads\/2025\/03\/Kalender_Kalender-hinzufuegen.png 2560w, https:\/\/staging.churchtools.academy\/wp-content\/uploads\/2025\/03\/Kalender_Kalender-hinzufuegen-300x130.png 300w, https:\/\/staging.churchtools.academy\/wp-content\/uploads\/2025\/03\/Kalender_Kalender-hinzufuegen-1024x445.png 1024w, https:\/\/staging.churchtools.academy\/wp-content\/uploads\/2025\/03\/Kalender_Kalender-hinzufuegen-768x334.png 768w, https:\/\/staging.churchtools.academy\/wp-content\/uploads\/2025\/03\/Kalender_Kalender-hinzufuegen-1536x667.png 1536w, https:\/\/staging.churchtools.academy\/wp-content\/uploads\/2025\/03\/Kalender_Kalender-hinzufuegen-2048x890.png 2048w, https:\/\/staging.churchtools.academy\/wp-content\/uploads\/2025\/03\/Kalender_Kalender-hinzufuegen-360x156.png 360w\" sizes=\"(max-width: 2560px) 100vw, 2560px\" \/><\/a><\/figure>\n\n\n\n<h2 class=\"wp-block-heading\">3. Informationen eintragen<\/h2>\n\n\n\n<p>Die Informationsfelder varrieren leicht, je nach dem, in welcher Kategorie du einen neuen Kalender erstellst.<\/p>\n\n\n\n<h3 class=\"wp-block-heading\">Gemeindekalender<\/h3>\n\n\n\n<p>Du kannst ausw\u00e4hlen, ob der Kalender zu einem <em><strong>Standort<\/strong><\/em> geh\u00f6ren soll und eine <em><strong>Eventvorlage<\/strong><\/em> eintragen, welche genutzt wird, wenn du einen neuen Termin in diesem Kalender anlegst um automatisch ein zuegh\u00f6riges Event zu erstellen.<\/p>\n\n\n\n<figure class=\"wp-block-image\"><img decoding=\"async\" width=\"340\" height=\"621\" src=\"https:\/\/staging.churchtools.academy\/wp-content\/uploads\/2024\/05\/image-6.png\" alt=\"\" class=\"wp-image-7975\" srcset=\"https:\/\/staging.churchtools.academy\/wp-content\/uploads\/2024\/05\/image-6.png 340w, https:\/\/staging.churchtools.academy\/wp-content\/uploads\/2024\/05\/image-6-164x300.png 164w, https:\/\/staging.churchtools.academy\/wp-content\/uploads\/2024\/05\/image-6-280x512.png 280w\" sizes=\"(max-width: 340px) 100vw, 340px\" \/><\/figure>\n\n\n\n<h3 class=\"wp-block-heading\">Gruppenkalender<\/h3>\n\n\n\n<p>Du kannst eine <em><strong>Gruppe<\/strong><\/em> ausw\u00e4hlen, mit welcher der Kalender verlinkt wird und bestimmen, ob die Gruppenteilnehmer <em><strong>Schreibrechte<\/strong><\/em> f\u00fcr diesen Kalender erhalten sollen. Wie bei den Gemeindekalendern kannst du auch hier einen <em><strong>Standort<\/strong><\/em> ausw\u00e4hlen und eine <em><strong>Eventvorlage<\/strong><\/em> hinterlegen.<\/p>\n\n\n\n<figure class=\"wp-block-image\"><img decoding=\"async\" width=\"340\" height=\"584\" src=\"https:\/\/staging.churchtools.academy\/wp-content\/uploads\/2024\/05\/image-9.png\" alt=\"\" class=\"wp-image-7981\" srcset=\"https:\/\/staging.churchtools.academy\/wp-content\/uploads\/2024\/05\/image-9.png 340w, https:\/\/staging.churchtools.academy\/wp-content\/uploads\/2024\/05\/image-9-175x300.png 175w, https:\/\/staging.churchtools.academy\/wp-content\/uploads\/2024\/05\/image-9-298x512.png 298w\" sizes=\"(max-width: 340px) 100vw, 340px\" \/><\/figure>\n\n\n\n<aside class=\"wp-block-group ct-box ct-box-blue has-background is-vertical is-layout-flex wp-container-core-group-is-layout-002f1c27 wp-block-group-is-layout-flex\" style=\"border-radius:8px;border-left-color:#3e70ce;border-left-width:0.5rem;background-color:#f3f5f7;margin-top:var(--wp--preset--spacing--60);margin-bottom:var(--wp--preset--spacing--60)\">\n<p style=\"margin-top:0.5rem;margin-right:0.5rem;margin-bottom:0rem;margin-left:0.5rem\"><strong>Hinweis<\/strong><\/p>\n\n\n\n<p style=\"margin-top:0rem;margin-right:0.5rem;margin-bottom:0.5rem;margin-left:0.5rem\">Du kannst die Mitglieder der mit dem Kalender verkn\u00fcpften Gruppe berechtigen, Termine im Kalender einzutragen, wenn du das H\u00e4kchen f\u00fcr <em><strong>Gruppenteilnehmer erhalten Schreibrechte<\/strong><\/em> setzt.<\/p>\n<\/aside>\n\n\n\n<h3 class=\"wp-block-heading\">Pers\u00f6nlicher Kalender<\/h3>\n\n\n\n<figure class=\"wp-block-image\"><img loading=\"lazy\" decoding=\"async\" width=\"340\" height=\"471\" src=\"https:\/\/staging.churchtools.academy\/wp-content\/uploads\/2024\/05\/image-8.png\" alt=\"\" class=\"wp-image-7979\" srcset=\"https:\/\/staging.churchtools.academy\/wp-content\/uploads\/2024\/05\/image-8.png 340w, https:\/\/staging.churchtools.academy\/wp-content\/uploads\/2024\/05\/image-8-217x300.png 217w\" sizes=\"(max-width: 340px) 100vw, 340px\" \/><\/figure>\n\n\n\n<aside class=\"wp-block-group ct-box ct-box-blue has-background is-vertical is-layout-flex wp-container-core-group-is-layout-002f1c27 wp-block-group-is-layout-flex\" style=\"border-radius:8px;border-left-color:#22c55e;border-left-width:0.5rem;background-color:#dcfce7;margin-top:var(--wp--preset--spacing--60);margin-bottom:var(--wp--preset--spacing--60)\">\n<p style=\"margin-top:0.5rem;margin-right:0.5rem;margin-bottom:0rem;margin-left:0.5rem\"><strong>Tipp<\/strong><\/p>\n\n\n\n<p style=\"margin-top:0rem;margin-right:0.5rem;margin-bottom:0.5rem;margin-left:0.5rem\">Bei Gemeinde- und Pers\u00f6nlichen Kalendern kannst du unter <em><strong>&#8222;iCal-Quelle&#8220;<\/strong><\/em> den iCal-Link zu einem externen Kalender einf\u00fcgen. Details dazu erf\u00e4hrst du in unserer <a href=\"https:\/\/staging.churchtools.academy\/help\/churchtools-module\/kalender-erstellen-verwalten\/17-wie-importiere-ich-einen-externen-kalender-in-unseren-churchtools-kalender\/\" data-type=\"docs\" data-id=\"7546\">Anleitung zum Kalenderimport<\/a>.<\/p>\n<\/aside>\n\n\n\n<h2 class=\"wp-block-heading\">4. Sortierung w\u00e4hlen<\/h2>\n\n\n\n<p>\u00dcber die Option <em><strong>Sortierung<\/strong><\/em> kannst du Kalender manuell anordnen. Die Sortierung erfolgt dabei, von 0 aufsteigend sowie Alphabetisch. Es werden also zun\u00e4chst alle Eintr\u00e4ge nach ihrer Sortierungsnummer aufsteigend angeordnet. Eintr\u00e4ge mit gleicher Nummer werden dann untereinander alphabetisch geordnet.<\/p>\n\n\n\n<p><\/p>\n","protected":false},"excerpt":{"rendered":"<p>1. Kalenderkategorie w\u00e4hlen Navigiere zum Kalendermodul. Dort stehen dir drei verschiedene Kalenderkategorien zur Verf\u00fcgung: Gemeindekalender, Gruppenkalender und pers\u00f6nliche Kalender. 2. Kalender erstellen Klicke auf das &#8222;+&#8220;-Symbol neben der Kategorie, in der du einen Kalender erstellen m\u00f6chtest. 3. Informationen eintragen Die Informationsfelder varrieren leicht, je nach dem, in welcher Kategorie du einen neuen Kalender erstellst. Gemeindekalender [&hellip;]<\/p>\n","protected":false},"author":6,"featured_media":0,"comment_status":"closed","ping_status":"closed","template":"","meta":{"_acf_changed":false,"footnotes":""},"doc_category":[275],"doc_tag":[],"knowledge_base":[172],"class_list":["post-7538","docs","type-docs","status-publish","hentry","doc_category-kalender-erstellen-verwalten","knowledge_base-churchtools-module"],"acf":[],"year_month":"2026-05","word_count":180,"total_views":"1047","reactions":{"happy":"1","normal":"0","sad":"0"},"author_info":{"name":"Jasper Stehmeier","author_nicename":"jstehmeier","author_url":"https:\/\/staging.churchtools.academy\/de\/author\/jstehmeier\/"},"doc_category_info":[{"term_name":"Kalender erstellen\/verwalten","term_url":"https:\/\/staging.churchtools.academy\/de\/help\/churchtools-module\/kalender-erstellen-verwalten\/"}],"doc_tag_info":[],"knowledge_base_info":[{"term_name":"Module","term_url":"https:\/\/staging.churchtools.academy\/de\/help\/churchtools-module\/","term_slug":"churchtools-module"}],"knowledge_base_slug":["churchtools-module"],"_links":{"self":[{"href":"https:\/\/staging.churchtools.academy\/de\/wp-json\/wp\/v2\/docs\/7538","targetHints":{"allow":["GET"]}}],"collection":[{"href":"https:\/\/staging.churchtools.academy\/de\/wp-json\/wp\/v2\/docs"}],"about":[{"href":"https:\/\/staging.churchtools.academy\/de\/wp-json\/wp\/v2\/types\/docs"}],"author":[{"embeddable":true,"href":"https:\/\/staging.churchtools.academy\/de\/wp-json\/wp\/v2\/users\/6"}],"replies":[{"embeddable":true,"href":"https:\/\/staging.churchtools.academy\/de\/wp-json\/wp\/v2\/comments?post=7538"}],"version-history":[{"count":16,"href":"https:\/\/staging.churchtools.academy\/de\/wp-json\/wp\/v2\/docs\/7538\/revisions"}],"predecessor-version":[{"id":27424,"href":"https:\/\/staging.churchtools.academy\/de\/wp-json\/wp\/v2\/docs\/7538\/revisions\/27424"}],"wp:attachment":[{"href":"https:\/\/staging.churchtools.academy\/de\/wp-json\/wp\/v2\/media?parent=7538"}],"wp:term":[{"taxonomy":"doc_category","embeddable":true,"href":"https:\/\/staging.churchtools.academy\/de\/wp-json\/wp\/v2\/doc_category?post=7538"},{"taxonomy":"doc_tag","embeddable":true,"href":"https:\/\/staging.churchtools.academy\/de\/wp-json\/wp\/v2\/doc_tag?post=7538"},{"taxonomy":"knowledge_base","embeddable":true,"href":"https:\/\/staging.churchtools.academy\/de\/wp-json\/wp\/v2\/knowledge_base?post=7538"}],"curies":[{"name":"wp","href":"https:\/\/api.w.org\/{rel}","templated":true}]}}