{"id":15930,"date":"2024-11-06T12:43:02","date_gmt":"2024-11-06T11:43:02","guid":{"rendered":"https:\/\/leogeracademy.hestia.wpspace.me\/?post_type=docs&#038;p=15930"},"modified":"2025-04-04T10:53:36","modified_gmt":"2025-04-04T09:53:36","password":"","slug":"weiterentwicklung-von-churchtools-website-changelog","status":"publish","type":"docs","link":"https:\/\/staging.churchtools.academy\/de\/help\/changelog\/changelog-website\/weiterentwicklung-von-churchtools-website-changelog\/","title":{"rendered":"Weiterentwicklung von ChurchTools Website (Changelog)"},"content":{"rendered":"\n<h2 class=\"wp-block-heading\">v1.18.0 <small>Ver\u00f6ffentlicht am 03.04.2025<\/small><\/h2>\n\n\n\n<h3 class=\"wp-block-heading\">Wichtige \u00c4nderungen<\/h3>\n\n\n\n<ul class=\"wp-block-list\">\n<li><strong>Teilen auf Social Media ist jetzt konfigurierbar:<\/strong> Du kannst nun selbst entscheiden, \u00fcber welche sozialen Medien eure Inhalte schnell geteilt werden k\u00f6nnen. Zudem haben wir&nbsp;<strong>weitere Medien, <\/strong>\u00fcber die das Teilen m\u00f6glich ist, hinzugef\u00fcgt<strong>. <\/strong>Auch&nbsp;<strong>Gruppen- und Beitragsseiten<\/strong> k\u00f6nnen so geteilt werden.<\/li>\n\n\n\n<li>Das&nbsp;<strong>Video-Element<\/strong>&nbsp;erlaubt jetzt auch die Einbettung von&nbsp;<strong>YouTube-Playlists.<\/strong>&nbsp;Damit k\u00f6nnt ihr bspw. Predigtreihen innerhalb eines Video-Elements darstellen.<\/li>\n\n\n\n<li>Das Element&nbsp;<strong>&#8222;Externer Dienst&#8220;<\/strong>&nbsp;wurde neu strukturiert und aufgeteilt, um eine&nbsp;<strong>bessere Nutzbarkeit<\/strong>&nbsp;zu gew\u00e4hrleisten. Unterst\u00fctzte Dienste finden sich jetzt in den Kategorien&nbsp;<strong>&#8222;Audio&#8220;, &#8222;Video&#8220;, &#8222;Karten&#8220;, &#8222;Spenden&#8220;, &#8222;Newsletter&#8220;<\/strong>&nbsp;und&nbsp;<strong>&#8222;Weitere Dienste&#8220;<\/strong>.<\/li>\n\n\n\n<li>Es ist jetzt m\u00f6glich,&nbsp;<strong>Links in einem neuen Fenster \u00f6ffnen<\/strong>&nbsp;zu lassen. Diese Einstellungen findest du bei&nbsp;<strong>Teasern, Button-Komponenten und der Navigation.<\/strong><\/li>\n\n\n\n<li><strong>Mehr Gestaltungsm\u00f6glichkeiten<\/strong>\u00a0f\u00fcr\u00a0<strong>Termine, Beitr\u00e4ge und Gruppen<\/strong>: Standardseiten lassen sich jetzt noch individueller anpassen, damit eure Inhalte optimal zur Geltung kommen.<\/li>\n<\/ul>\n\n\n\n<h3 class=\"wp-block-heading\">Sonstige \u00c4nderungen<\/h3>\n\n\n\n<ul class=\"wp-block-list\">\n<li>Bessere Silbentrennung<\/li>\n\n\n\n<li>&#8222;Schlagw\u00f6rter&#8220; wird zu &#8222;Tags&#8220;<\/li>\n\n\n\n<li>Gruppeneinstellung &#8222;Treffpunkte verschleiern&#8220; wird jetzt unterst\u00fctzt<\/li>\n<\/ul>\n\n\n\n<h2 class=\"wp-block-heading\">v1.17.0 <small>Ver\u00f6ffentlicht am 13.02.2025<\/small><\/h2>\n\n\n\n<h3 class=\"wp-block-heading\">Wichtige \u00c4nderungen<\/h3>\n\n\n\n<ul class=\"wp-block-list\">\n<li>Es kann jetzt&nbsp;die <strong>Besucherstatistik deiner Website<\/strong>&nbsp;dargestellt werden. Hierbei setzen wir auf das datenschutzfreundliche Open-Source-Webanalyse-Tool Umami, welches direkt auf ChurchTools Servern gehostet wird. Weitere Informationen zur Besucherstatistik findest du&nbsp;<a href=\"https:\/\/staging.churchtools.academy\/help\/website-und-finder\/integrationen-website\/was-ist-die-besucherstatistik\/\" target=\"_blank\" rel=\"noreferrer noopener\">hier<\/a>.<\/li>\n\n\n\n<li>Auf der&nbsp;<strong>Gruppen\u00fcbersichtsseite<\/strong>&nbsp;kannst du nun eine&nbsp;<strong>OpenStreetMap-Karte<\/strong>&nbsp;einbinden. Damit lassen sich beispielsweise Kleingruppen oder Hauskreise \u00fcbersichtlich auf einer Karte darstellen.<\/li>\n\n\n\n<li>Im&nbsp;<strong>Element &#8222;Termine&#8220;<\/strong>&nbsp;kannst du jetzt festlegen, dass&nbsp;<strong>immer nur der n\u00e4chste anstehende Termin einer Terminserie<\/strong>&nbsp;angezeigt wird. So wird die Terminliste \u00fcbersichtlicher, da wiederkehrende Termine nicht mehrfach aufgelistet werden.<\/li>\n<\/ul>\n\n\n\n<h3 class=\"wp-block-heading\">Sonstige \u00c4nderungen<\/h3>\n\n\n\n<ul class=\"wp-block-list\">\n<li>Gruppen unterst\u00fctzen inzwischen mehrere Treffpunkte.<\/li>\n\n\n\n<li>Personen-Tags werden jetzt aus ChurchTools \u00fcbernommen.<\/li>\n\n\n\n<li>Die Erg\u00e4nzung des Termintitels kann in den Einstellungen f\u00fcr \u00dcbersichts- und Detailseiten deaktiviert werden.<\/li>\n\n\n\n<li>Wir haben viele weitere Optimierungen und Fehlerbehebungen vorgenommen.<\/li>\n<\/ul>\n\n\n\n<h2 class=\"wp-block-heading\">v1.16.0 <small>Ver\u00f6ffentlicht am 22.11.2024<\/small><\/h2>\n\n\n\n<h3 class=\"wp-block-heading\">Wichtige \u00c4nderungen<\/h3>\n\n\n\n<ul class=\"wp-block-list\">\n<li>Unser neuestes <strong>Theme Hanna<\/strong> ist fertig.<\/li>\n\n\n\n<li>In das <strong>Audio- und Video-Element<\/strong> k\u00f6nnen jetzt auch <strong>Links zu mp3- bzw. mp4-Dateien<\/strong> eingef\u00fcgt werden.<\/li>\n\n\n\n<li>Wenn in ChurchTools eine <strong>Erg\u00e4nzung zum Termin-Titel<\/strong> eingestellt wurde, wird diese nun auch auf der Website angezeigt.<\/li>\n\n\n\n<li>F\u00fcr das <strong>Theme Ezra<\/strong> ist jetzt auch die <strong>Typografie Raleway Bold &#8211; Raleway<\/strong> verf\u00fcgbar.<\/li>\n\n\n\n<li>Wir haben ein <strong>neues Farbschema<\/strong> namens Ostsee hinzugef\u00fcgt.<\/li>\n<\/ul>\n\n\n\n<h3 class=\"wp-block-heading\">Sonstige \u00c4nderungen<\/h3>\n\n\n\n<ul class=\"wp-block-list\">\n<li>Die \u00dcberpr\u00fcfung der Eingabe im <strong>Element Externer Dienst<\/strong> ist jetzt weniger streng.<\/li>\n\n\n\n<li>Links in ChurchTools-Beitr\u00e4gen werden jetzt korrekt angezeigt und sind klickbar.<\/li>\n\n\n\n<li>Bei der Bearbeitung eines Navigationselements im Admin-Bereich ist die erste Option wieder korrekt mit &#8222;Entfernen&#8220; benannt.<\/li>\n\n\n\n<li>Wir haben viele weitere Optimierungen und Fehlerbehebungen vorgenommen.<\/li>\n<\/ul>\n\n\n\n<h2 class=\"wp-block-heading\">v1.15.0&nbsp;<small>Ver\u00f6ffentlicht am 17.09.2024<\/small><\/h2>\n\n\n\n<h3 class=\"wp-block-heading\">Wichtige \u00c4nderungen<\/h3>\n\n\n\n<ul class=\"wp-block-list\">\n<li>Die Assistenzsoftware&nbsp;<strong>Eye-Able<\/strong>&nbsp;kann jetzt im Bereich &#8222;Einstellungen&#8220; &gt; &#8222;Integrationen&#8220; aktiviert werden. Es stehen die Produkte&nbsp;<strong>Eye-Able Assist, Einfache Sprache KI und KI Website \u00dcbersetzung<\/strong>&nbsp;zur Verf\u00fcgung. Diese helfen, die BITV\/WCAG-Kriterien f\u00fcr den barrierefreien Zugang von Websites zu erf\u00fcllen. Mehr Infos auf&nbsp;<a href=\"https:\/\/eye-able.com\/\" target=\"_blank\" rel=\"noreferrer noopener\">eye-able.com<\/a>.<\/li>\n\n\n\n<li>Der Bereich&nbsp;<strong>Einstellungen<\/strong>&nbsp;wurde \u00fcberarbeitet und teilweise neu sortiert.<\/li>\n\n\n\n<li>Das Element&nbsp;<strong>Externer Dienst<\/strong>&nbsp;unterst\u00fctzt nun auch&nbsp;<strong>Brevo<\/strong>&nbsp;und&nbsp;<strong>Matterport<\/strong>.<\/li>\n\n\n\n<li>Das Element&nbsp;<strong>Audio<\/strong>&nbsp;unterst\u00fctzt jetzt auch&nbsp;<strong>Podigee<\/strong>.<\/li>\n<\/ul>\n\n\n\n<h3 class=\"wp-block-heading\">Sonstige \u00c4nderungen<\/h3>\n\n\n\n<ul class=\"wp-block-list\">\n<li>Wir haben viele weitere Optimierungen und Fehlerbehebungen vorgenommen.<\/li>\n<\/ul>\n\n\n\n<h2 class=\"wp-block-heading\">v1.14.0&nbsp;<small>Ver\u00f6ffentlicht am 18.06.2024<\/small><\/h2>\n\n\n\n<h3 class=\"wp-block-heading\">Wichtige \u00c4nderungen<\/h3>\n\n\n\n<ul class=\"wp-block-list\">\n<li>\u00d6ffentliche&nbsp;<strong>ChurchTools-Beitr\u00e4ge<\/strong>&nbsp;werden jetzt&nbsp;<strong>automatisch auf der Website angezeigt<\/strong>, wenn die dazugeh\u00f6rige Gruppe unter &#8222;\u00d6ffentlichkeitsarbeit&#8220; &gt; &#8222;ChurchTools Website&#8220; &gt; &#8222;Beitr\u00e4ge&#8220; freigegeben wurde. Das Feature steht&nbsp;<strong>ab der ChurchTools-Version v3.111<\/strong>&nbsp;zu Verf\u00fcgung.<\/li>\n\n\n\n<li>Die&nbsp;<strong>Darstellung von Gruppen auf der \u00dcbersichtsseite<\/strong>&nbsp;hat neue&nbsp;<strong>Gestaltungsoptionen<\/strong>&nbsp;erhalten, es kann nun ein automatischer Auszug der&nbsp;<strong>Gruppenbeschreibung<\/strong>&nbsp;angezeigt werden.<\/li>\n\n\n\n<li>Unter &#8222;Einstellungen&#8220; &gt; &#8222;Allgemein&#8220; kann eine Seite mit einem&nbsp;<strong>Kontaktformular<\/strong>&nbsp;gew\u00e4hlt werden. Diese wird dann in der&nbsp;<strong>Fusszeile<\/strong>&nbsp;verlinkt.<\/li>\n\n\n\n<li>Das Element&nbsp;<strong>Externer Dienst<\/strong>&nbsp;unterst\u00fctzt nun auch&nbsp;<strong>LiveVoice<\/strong>.<\/li>\n<\/ul>\n\n\n\n<h3 class=\"wp-block-heading\">Sonstige \u00c4nderungen<\/h3>\n\n\n\n<ul class=\"wp-block-list\">\n<li>Wir haben viele weitere Optimierungen und Fehlerbehebungen vorgenommen.<\/li>\n<\/ul>\n\n\n\n<h2 class=\"wp-block-heading\">v1.13.0&nbsp;<small>Ver\u00f6ffentlicht am 15.05.2024<\/small><\/h2>\n\n\n\n<h3 class=\"wp-block-heading\">Wichtige \u00c4nderungen<\/h3>\n\n\n\n<ul class=\"wp-block-list\">\n<li><strong>Mehr Schriftarten<\/strong>: Es ist jetzt m\u00f6glich, f\u00fcr jedes Theme aus einer Auswahl eine&nbsp;<strong>Schriftkombination<\/strong>&nbsp;auszuw\u00e4hlen. Die neue Funktion findest du unter &#8222;Einstellungen \u2794 Design&#8220;.<\/li>\n\n\n\n<li>Die mobile Darstellung und Fokuspunkt-Funktionalit\u00e4t von&nbsp;<strong>Seitenkopf- und Slider-Bildern<\/strong>&nbsp;wurde verbessert.<\/li>\n\n\n\n<li>Der&nbsp;<strong>Seitentyp<\/strong>&nbsp;ist jetzt in der&nbsp;<strong>Seiten\u00fcbersicht<\/strong>&nbsp;sichtbar.<\/li>\n<\/ul>\n\n\n\n<h3 class=\"wp-block-heading\">Sonstige \u00c4nderungen<\/h3>\n\n\n\n<ul class=\"wp-block-list\">\n<li>Wir haben viele weitere Optimierungen und Fehlerbehebungen vorgenommen.<\/li>\n<\/ul>\n\n\n\n<h2 class=\"wp-block-heading\">v1.12.0&nbsp;<small>Ver\u00f6ffentlicht am 22.01.2024<\/small><\/h2>\n\n\n\n<h3 class=\"wp-block-heading\">Wichtige \u00c4nderungen<\/h3>\n\n\n\n<ul class=\"wp-block-list\">\n<li>Es ist jetzt m\u00f6glich, einfache&nbsp;<strong>Kontaktformulare anzulegen<\/strong>&nbsp;und diese in Seiten einzubinden. Die empfangenen&nbsp;<strong>Nachrichten k\u00f6nnen per E-Mail versendet und\/oder als Excel-Liste gespeichert<\/strong>&nbsp;werden.<\/li>\n\n\n\n<li>Die&nbsp;<strong>Navigation<\/strong>&nbsp;(Kopfzeile) unterst\u00fctzt nun auch eine&nbsp;<strong>dritte Ebene<\/strong>.<\/li>\n\n\n\n<li><strong>Teaser-Elemente<\/strong>&nbsp;k\u00f6nnen auch&nbsp;<strong>auf Standardseiten<\/strong>&nbsp;eingebaut werden.<\/li>\n\n\n\n<li>F\u00fcr das&nbsp;<strong>Element &#8222;Personen&#8220;<\/strong>&nbsp;stehen jetzt&nbsp;<strong>mehrere Layouts<\/strong>&nbsp;zur Verf\u00fcgung.<\/li>\n\n\n\n<li>Der&nbsp;<strong>Adminbereich<\/strong>&nbsp;wurde an vielen Stellen f\u00fcr eine bessere Funktionalit\u00e4t und \u00dcbersicht&nbsp;<strong>\u00fcberarbeitet<\/strong>.<\/li>\n\n\n\n<li>Die Schnittstelle zur&nbsp;<strong>Nordkirche Datenbank<\/strong>&nbsp;importiert nun auch&nbsp;<strong>Personen<\/strong>.<\/li>\n<\/ul>\n\n\n\n<h3 class=\"wp-block-heading\">Sonstige \u00c4nderungen<\/h3>\n\n\n\n<ul class=\"wp-block-list\">\n<li>Wir haben viele weitere Optimierungen und Fehlerbehebungen vorgenommen.<\/li>\n<\/ul>\n\n\n\n<h2 class=\"wp-block-heading\">v1.11.0&nbsp;<small>Ver\u00f6ffentlicht am 21.11.2023<\/small><\/h2>\n\n\n\n<h3 class=\"wp-block-heading\">Wichtige \u00c4nderungen<\/h3>\n\n\n\n<ul class=\"wp-block-list\">\n<li>Wir haben die Funktionalit\u00e4t f\u00fcr&nbsp;<strong>Gruppen \u00fcberarbeitet und erweitert<\/strong>. Es werden mehr Informationen aus ChurchTools eingelesen, z. B. Alters-, Zielgruppen und Schlagworte. Auch ihre Darstellung auf einer Webseite wurde verbessert und der Anmeldeprozess f\u00fcr ChurchTools-Gruppen besser integriert.<\/li>\n\n\n\n<li>Unter&nbsp;<a href=\"https:\/\/www.augsburg-mitte.feg.de\/admin\/assets\">Dateien<\/a>&nbsp;k\u00f6nnen f\u00fcr Bilder die&nbsp;<strong>Bildrechte<\/strong>&nbsp;(Text und Link) hinterlegt werden. Diese werden dann am Ende jeder Seite angezeigt, auf der das Bild verwendet wird.<\/li>\n\n\n\n<li>Die&nbsp;<strong>Schlagworte-Logik<\/strong>, z. B. f\u00fcr Gruppen und Termine wurde&nbsp;<strong>\u00fcberarbeitet<\/strong>. Damit sind auch Filter f\u00fcr Listen auf Webseiten einfacher konfigurierbar.<\/li>\n\n\n\n<li><strong>Gestaltungsoptionen und erweiterte Einstellungen<\/strong>&nbsp;von Elementen sind jetzt&nbsp;<strong>einheitlich gruppiert<\/strong>&nbsp;und so besser auffindbar.<\/li>\n\n\n\n<li>Das&nbsp;<strong>Ver\u00f6ffentlichungsdatum von Beitr\u00e4gen<\/strong>&nbsp;wurde f\u00fcr den Seitentyp &#8222;Beitrags\u00fcbersicht&#8220; und das Element &#8222;Beitr\u00e4ge&#8220; entfernt. Auf Detailseiten ist das Ver\u00f6ffentlichungsdatum klarer gekennzeichnet.<\/li>\n<\/ul>\n\n\n\n<h3 class=\"wp-block-heading\">Sonstige \u00c4nderungen<\/h3>\n\n\n\n<ul class=\"wp-block-list\">\n<li>Die Live-Preview funktioniert jetzt auch bei bereits ver\u00f6ffentlichten Inhalten.<\/li>\n\n\n\n<li>Wir haben viele weitere Optimierungen und Fehlerbehebungen vorgenommen.<\/li>\n<\/ul>\n\n\n\n<h2 class=\"wp-block-heading\">v1.10.0&nbsp;<small>Ver\u00f6ffentlicht am 11.08.2023<\/small><\/h2>\n\n\n\n<h3 class=\"wp-block-heading\">Wichtige \u00c4nderungen<\/h3>\n\n\n\n<ul class=\"wp-block-list\">\n<li>Mit dem neuen Element&nbsp;<strong>Externer Dienst<\/strong>&nbsp;kannst du Dienste wie&nbsp;<strong>z. B. Spende.app, Google Maps und OpenStreetMap<\/strong>&nbsp;einbinden. Wenn noch etwas fehlt, stell gerne eine Supportanfrage und wir pr\u00fcfen den Einbau des fehlenden Dienstes.<\/li>\n\n\n\n<li>Die&nbsp;<strong>Losungen der Evangelischen Br\u00fcder-Unit\u00e4t<\/strong>&nbsp;kannst du mit dem Element Losung in eine Webseite einbauen.<\/li>\n\n\n\n<li>Alle&nbsp;<strong>\u00dcberschriften<\/strong>&nbsp;haben jetzt ein ID-Attribut, welches du als&nbsp;<strong>Anker<\/strong>&nbsp;nutzen kannst.<\/li>\n\n\n\n<li>Die Schnittstelle zur&nbsp;<strong>Nordkirche Datenbank<\/strong>&nbsp;importiert nun auch&nbsp;<strong>Termine von Mitveranstaltern<\/strong>.<\/li>\n<\/ul>\n\n\n\n<h3 class=\"wp-block-heading\">Sonstige \u00c4nderungen<\/h3>\n\n\n\n<ul class=\"wp-block-list\">\n<li>Das Video-Element auf Portalseiten hat jetzt auch Gestaltungsoptionen.<\/li>\n\n\n\n<li>Wir haben viele weitere Optimierungen und Fehlerbehebungen vorgenommen.<\/li>\n<\/ul>\n\n\n\n<h2 class=\"wp-block-heading\">v1.9.0&nbsp;<small>Ver\u00f6ffentlicht am 23.06.2023<\/small><\/h2>\n\n\n\n<h3 class=\"wp-block-heading\">Wichtige \u00c4nderungen<\/h3>\n\n\n\n<ul class=\"wp-block-list\">\n<li>Die&nbsp;<strong>Sichtbarkeit von Elementen<\/strong>&nbsp;kann jetzt&nbsp;<strong>zeitlich gesteuert<\/strong>&nbsp;werden. Das Element &#8222;Farbiger Abschnitt&#8220; hei\u00dft jetzt &#8222;Abschnitt&#8220; und bietet Farbauswahl und Zeitsteuerung.<\/li>\n\n\n\n<li>Unter &#8222;Einstellungen \u2794 Domain&#8220; ist es jetzt m\u00f6glich selbst eine&nbsp;<strong>eigene Domain einzurichten<\/strong>.<\/li>\n\n\n\n<li>Die Einbindung von&nbsp;<strong>Vimeo Live-Events und Showcases<\/strong>&nbsp;wird nun unterst\u00fctzt.<\/li>\n<\/ul>\n\n\n\n<h3 class=\"wp-block-heading\">Sonstige \u00c4nderungen<\/h3>\n\n\n\n<ul class=\"wp-block-list\">\n<li>Vergangene Termine wurden unter bestimmten Bedingungen weiter auf der Webseite angezeigt. Dieses Problem wurde behoben.<\/li>\n\n\n\n<li>Wir haben viele weitere Optimierungen und Fehlerbehebungen vorgenommen.<\/li>\n<\/ul>\n\n\n\n<h2 class=\"wp-block-heading\">v1.8.0&nbsp;<small>Ver\u00f6ffentlicht am 21.03.2023<\/small><\/h2>\n\n\n\n<h3 class=\"wp-block-heading\">Wichtige \u00c4nderungen<\/h3>\n\n\n\n<ul class=\"wp-block-list\">\n<li>Der&nbsp;<strong>Datenimport von Gruppen<\/strong>&nbsp;funktioniert wieder. Es werden nur Gruppen importiert, die&nbsp;<strong>\u00f6ffentlich und aktiv<\/strong>&nbsp;sind.<\/li>\n\n\n\n<li>Die&nbsp;<strong>Verlinkung von Terminkacheln in Terminlisten<\/strong>&nbsp;wurde optimiert. Es werden jetzt auch interne Links erkannt.<\/li>\n\n\n\n<li>Wir haben viele kleine&nbsp;<strong>Verbesserungen der Website-Darstellung<\/strong>&nbsp;vorgenommen. (z. B. Termin-Detailseite)<\/li>\n<\/ul>\n\n\n\n<h3 class=\"wp-block-heading\">Sonstige \u00c4nderungen<\/h3>\n\n\n\n<ul class=\"wp-block-list\">\n<li>Wir haben viele weitere Optimierungen und Fehlerbehebungen vorgenommen.<\/li>\n<\/ul>\n\n\n\n<h2 class=\"wp-block-heading\">v1.7.0&nbsp;<small>Ver\u00f6ffentlicht am 22.02.2023<\/small><\/h2>\n\n\n\n<h3 class=\"wp-block-heading\">Wichtige \u00c4nderungen<\/h3>\n\n\n\n<ul class=\"wp-block-list\">\n<li>Wir haben den&nbsp;<strong>Import von Terminen aus ChurchTools \u00fcberarbeitet<\/strong>: Das Feld&nbsp;<strong>Untertitel<\/strong>&nbsp;wird jetzt f\u00fcr die Kurzdarstellung und das Feld&nbsp;<strong>Beschreibung<\/strong>&nbsp;f\u00fcr den Seiteninhalt verwendet. Au\u00dferdem wird nun auch das Feld&nbsp;<strong>Link<\/strong>&nbsp;importiert.<\/li>\n\n\n\n<li>Die&nbsp;<strong>Termindarstellung<\/strong>&nbsp;in Terminlisten und auf der Detailseite wurde&nbsp;<strong>verbessert<\/strong>.<\/li>\n\n\n\n<li>Im&nbsp;<strong>Editor<\/strong> kann das neue Element&nbsp;<strong>Farbiger Abschnitt<\/strong>&nbsp;verwendet werden, um einen Teil des Inhalts in einem&nbsp;<strong>anderen Farbstil<\/strong>&nbsp;darzustellen.<\/li>\n\n\n\n<li><strong>Seiten<\/strong>&nbsp;vom Typ &#8222;Standardseite&#8220; k\u00f6nnen mit einem einfachen&nbsp;<strong>Passwortschutz<\/strong>&nbsp;versehen werden.<\/li>\n<\/ul>\n\n\n\n<h3 class=\"wp-block-heading\">Sonstige \u00c4nderungen<\/h3>\n\n\n\n<ul class=\"wp-block-list\">\n<li>In Terminlisten erscheinen keine Termine von gestern mehr.<\/li>\n\n\n\n<li>Wir haben viele weitere Optimierungen und Fehlerbehebungen vorgenommen.<\/li>\n<\/ul>\n\n\n\n<h2 class=\"wp-block-heading\">v1.6.0&nbsp;<small>Ver\u00f6ffentlicht am 24.01.2023<\/small><\/h2>\n\n\n\n<h3 class=\"wp-block-heading\">Wichtige \u00c4nderungen<\/h3>\n\n\n\n<ul class=\"wp-block-list\">\n<li><strong>Ein Login f\u00fcr ChurchTools und ChurchTools Website<\/strong>: Der Website Login erfolgt jetzt \u00fcber ChurchTools. Benutzer und Rollen f\u00fcr die Website k\u00f6nnen jetzt in ChurchTools unter <em>\u00d6ffentlichkeitsarbeit<\/em> \u00bb <em>ChurchTools Website<\/em> \u00bb <em>Benutzer<\/em> konfiguriert werden.<\/li>\n\n\n\n<li>Besucher der Website k\u00f6nnen ihre&nbsp;<strong>Zustimmung zur Anzeige externer Dienste einzeln pro Dienst<\/strong>&nbsp;erteilen und widerrufen.<\/li>\n\n\n\n<li>Die Termine auf Seiten mit dem<strong>&nbsp;Seitentyp &#8222;\u00dcbersicht &#8211; Termine&#8220;<\/strong>&nbsp;k\u00f6nnen&nbsp;<strong>zeitlich begrenzt werden<\/strong>&nbsp;(z. B. auf 1 Jahr).<\/li>\n\n\n\n<li>Wenn ein&nbsp;<strong>Kalender in ChurchTools<\/strong>&nbsp;einem&nbsp;<strong>Standort<\/strong>&nbsp;zugeordnet ist, dann wird dieser auch in den&nbsp;<strong>Kalendernamen<\/strong>&nbsp;auf der Website \u00fcbernommen.<\/li>\n<\/ul>\n\n\n\n<h3 class=\"wp-block-heading\">Sonstige \u00c4nderungen<\/h3>\n\n\n\n<ul class=\"wp-block-list\">\n<li>F\u00fcr Termine ohne Wiederholung ist die Spalte &#8222;Letzte Wiederholung&#8220; in der Termin\u00fcbersicht zur besseren \u00dcbersicht nun leer.<\/li>\n\n\n\n<li>Wir haben weitere Links zu Hilfeseiten eingebaut.<\/li>\n\n\n\n<li>Viele weitere Optimierungen und Fehlerbehebungen<\/li>\n<\/ul>\n\n\n\n<h2 class=\"wp-block-heading\">v1.5.0&nbsp;<small>Ver\u00f6ffentlicht am 01.12.2022<\/small><\/h2>\n\n\n\n<h3 class=\"wp-block-heading\">Wichtige \u00c4nderungen<\/h3>\n\n\n\n<h2 class=\"wp-block-heading\">Hinweise<\/h2>\n\n\n\n<ul class=\"wp-block-list\">\n<li>Der&nbsp;<strong>Login f\u00fcr ChurchTools Website<\/strong>&nbsp;erfolgt demn\u00e4chst nur noch \u00fcber den zentralen&nbsp;<strong>ChurchTools Login<\/strong>. In ChurchTools k\u00f6nnen dann bequem die Benutzer und Rollen f\u00fcr die Website konfiguriert werden. So werden die Benutzer der Website nicht mehr doppelt, sondern nur noch in ChurchTools gepflegt.<\/li>\n<\/ul>\n\n\n\n<h2 class=\"wp-block-heading\">\u00c4nderungen<\/h2>\n\n\n\n<ul class=\"wp-block-list\">\n<li>Wenn der&nbsp;<strong>Testzeitraum abgelaufen<\/strong>&nbsp;ist, erscheint ein&nbsp;<strong>Hinweisfenster auf der Website<\/strong>.<\/li>\n\n\n\n<li><strong>Gruppen<\/strong>&nbsp;erhalten&nbsp;<strong>keine Detailseite<\/strong>&nbsp;mehr, falls diese keine Inhalte hat.<\/li>\n\n\n\n<li>Wir haben die&nbsp;<strong>Website-Ladezeiten<\/strong>&nbsp;optimiert.<\/li>\n\n\n\n<li>Die Steuerung der&nbsp;<strong>Suchmaschinenindizierung<\/strong>&nbsp;von Test- und Live-Domains wurde verbessert.<\/li>\n<\/ul>\n\n\n\n<h3 class=\"wp-block-heading\">Sonstige \u00c4nderungen<\/h3>\n\n\n\n<ul class=\"wp-block-list\">\n<li>Viele weitere Optimierungen und Fehlerbehebungen<\/li>\n<\/ul>\n\n\n\n<h2 class=\"wp-block-heading\">v1.4.0&nbsp;<small>Ver\u00f6ffentlicht am 27.10.2022<\/small><\/h2>\n\n\n\n<h3 class=\"wp-block-heading\">Wichtige \u00c4nderungen<\/h3>\n\n\n\n<ul class=\"wp-block-list\">\n<li>Der&nbsp;<strong>manuelle Datenimport<\/strong>&nbsp;kann unter Termine, Personen, Gruppen oder Einstellungen \u2794 Datenimport gestartet werden.<\/li>\n\n\n\n<li>Wir haben die 404 Fehlerseite \u00fcberarbeitet.<\/li>\n<\/ul>\n\n\n\n<h3 class=\"wp-block-heading\">Sonstige \u00c4nderungen<\/h3>\n\n\n\n<ul class=\"wp-block-list\">\n<li>Nordkirche Theme und Farbschemas<\/li>\n\n\n\n<li>Viele weitere Optimierungen und Fehlerbehebungen<\/li>\n<\/ul>\n\n\n\n<h2 class=\"wp-block-heading\">v1.3.0&nbsp;<small>Ver\u00f6ffentlicht am 17.10.2022<\/small><\/h2>\n\n\n\n<h3 class=\"wp-block-heading\">Wichtige \u00c4nderungen<\/h3>\n\n\n\n<ul class=\"wp-block-list\">\n<li>Beim&nbsp;<strong>Datenimport<\/strong>&nbsp;von <strong>Terminen<\/strong> werden jetzt <strong>Bild und Adresse aus ChurchTools<\/strong>&nbsp;\u00fcbernommen.y<\/li>\n<\/ul>\n\n\n\n<h3 class=\"wp-block-heading\">Sonstige \u00c4nderungen<\/h3>\n\n\n\n<ul class=\"wp-block-list\">\n<li>Viele weitere Optimierungen und Fehlerbehebungen<\/li>\n<\/ul>\n\n\n\n<h2 class=\"wp-block-heading\">v1.2.0&nbsp;<small>Ver\u00f6ffentlicht am 20.09.2022<\/small><\/h2>\n\n\n\n<h3 class=\"wp-block-heading\">Wichtige \u00c4nderungen<\/h3>\n\n\n\n<ul class=\"wp-block-list\">\n<li><strong>Personen<\/strong>&nbsp;k\u00f6nnen nun&nbsp;<strong>nach Schlagwort oder nach Gruppe und Rolle<\/strong>&nbsp;aus ChurchTools gefiltert in die Website eingebaut werden.<\/li>\n\n\n\n<li>Es ist nun m\u00f6glich, unter&nbsp;<a href=\"https:\/\/www.augsburg-mitte.feg.de\/admin\/globals\/settings#design\">Einstellungen \u2794 Design<\/a>&nbsp;<strong>\u00c4nderungen am Farbschema<\/strong>&nbsp;vorzunehmen. Du solltest&nbsp;<strong>Designerfahrung<\/strong>&nbsp;haben, um ein professionelles Farbschema erstellen zu k\u00f6nnen.<\/li>\n<\/ul>\n\n\n\n<h3 class=\"wp-block-heading\">Sonstige \u00c4nderungen<\/h3>\n\n\n\n<ul class=\"wp-block-list\">\n<li>Die Datenausgabe der Termine-Komponente auf Beitragsseiten wurde korrigiert.<\/li>\n\n\n\n<li>Die Anzahl der Eintr\u00e4ge pro Seite bei \u00dcbersichtsseiten wurde auf sinnvolle Werte (12, 24, 36) begrenzt.<\/li>\n\n\n\n<li>Viele weitere Optimierungen und Fehlerbehebungen<\/li>\n<\/ul>\n\n\n\n<h2 class=\"wp-block-heading\">v1.1.0&nbsp;<small>Ver\u00f6ffentlicht am 01.09.2022<\/small><\/h2>\n\n\n\n<h3 class=\"wp-block-heading\">Wichtige \u00c4nderungen<\/h3>\n\n\n\n<ul class=\"wp-block-list\">\n<li>Wir haben die Funktionen zum&nbsp;<strong>Anzeigen und Filtern von Gruppen<\/strong>&nbsp;auf der Website erweitert und Fehler korrigiert. Das Filtern nach ChurchTools Gruppenhomepage ist nun m\u00f6glich.<\/li>\n\n\n\n<li>F\u00fcr&nbsp;<strong>Termine<\/strong>&nbsp;kann jetzt auch die&nbsp;<strong>Wiederholungsregel &#8222;Monatlich nach Wochentag&#8220;<\/strong>&nbsp;genutzt werden. Somit werden nun alle in ChurchTools vorhandenen Regeln unterst\u00fctzt.<\/li>\n\n\n\n<li>Diverse Fehler beim ChurchTools Datenimport wurden korrigiert.<\/li>\n<\/ul>\n\n\n\n<h3 class=\"wp-block-heading\">Sonstige \u00c4nderungen<\/h3>\n\n\n\n<ul class=\"wp-block-list\">\n<li>Leere Abs\u00e4tze im Editor werden nun automatisch entfernt.<\/li>\n\n\n\n<li>Viele weitere Optimierungen und Fehlerbehebungen<\/li>\n<\/ul>\n\n\n\n<h2 class=\"wp-block-heading\">v1.0.0&nbsp;<small>Ver\u00f6ffentlicht am 23.08.2022<\/small><\/h2>\n\n\n\n<h3 class=\"wp-block-heading\">Wichtige \u00c4nderungen<\/h3>\n\n\n\n<ul class=\"wp-block-list\">\n<li>Unser&nbsp;<strong>neues Theme Ezra<\/strong>&nbsp;kann jetzt unter&nbsp;<a href=\"https:\/\/www.augsburg-mitte.feg.de\/admin\/globals\/settings#design\">Einstellungen \u2794 Design<\/a>&nbsp;ausprobiert werden.<\/li>\n\n\n\n<li>Der&nbsp;<strong>Datenimport<\/strong>&nbsp;synchronisiert nun&nbsp;<strong>Termine, Personen und Gruppen<\/strong>&nbsp;aus ChurchTools (<a href=\"https:\/\/www.augsburg-mitte.feg.de\/admin\/globals\/settings#sync\">Einstellungen \u2794 Datenimport<\/a>).<\/li>\n\n\n\n<li>Die&nbsp;<strong>Anzeige von Kontaktdaten<\/strong>&nbsp;kann unter&nbsp;<a href=\"https:\/\/www.augsburg-mitte.feg.de\/admin\/globals\/settings#content\">Einstellungen \u2794 Seiteninhalt<\/a>&nbsp;f\u00fcr alle Personen beschr\u00e4nkt werden, auch eine Beschr\u00e4nkung nur f\u00fcr eine einzelne Person ist m\u00f6glich.<\/li>\n\n\n\n<li>In der&nbsp;<strong>\u00dcbersicht<\/strong>&nbsp;haben wir&nbsp;<strong>hilfreiche Links<\/strong>&nbsp;f\u00fcr h\u00e4ufige Aufgaben platziert.<\/li>\n<\/ul>\n\n\n\n<h3 class=\"wp-block-heading\">Sonstige \u00c4nderungen<\/h3>\n\n\n\n<ul class=\"wp-block-list\">\n<li>Die Zustimmung zur Anzeige externer Inhalte wird jetzt f\u00fcr die Browsersession gespeichert und kann auch widerrufen werden.<\/li>\n\n\n\n<li>In der Medienverwaltung kann f\u00fcr jedes Bild ein Image credit hinterlegt werden.<\/li>\n\n\n\n<li>Viele weitere Optimierungen und Fehlerbehebungen<\/li>\n<\/ul>\n\n\n\n<h2 class=\"wp-block-heading\">v0.8.0&nbsp;<small>Ver\u00f6ffentlicht am 01.06.2022<\/small><\/h2>\n\n\n\n<h3 class=\"wp-block-heading\">Wichtige \u00c4nderungen<\/h3>\n\n\n\n<ul class=\"wp-block-list\">\n<li>Unter&nbsp;<a href=\"https:\/\/www.augsburg-mitte.feg.de\/admin\/globals\/settings#design\">Einstellungen \u2794 Design<\/a>&nbsp;haben wir&nbsp;<strong>neue Farbschemata<\/strong>&nbsp;hinzugef\u00fcgt. Weitere werden folgen.<\/li>\n\n\n\n<li>Der&nbsp;<strong>Farbstil von Elementen<\/strong>&nbsp;kann jetzt an verschiedenen Stellen ver\u00e4ndert werden: F\u00fcr die gesamte Website unter Einstellungen, f\u00fcr eine einzelne Seite auf dem Tab &#8222;Farbstile&#8220; und f\u00fcr einzelne Portal-Elemente direkt beim Element.<\/li>\n\n\n\n<li>Alle bekannten Fehler beim Datenimport von&nbsp;<strong>Event- und Kalendereintr\u00e4gen aus ChurchTools<\/strong>&nbsp;wurden behoben.<br>Der Datenimport kann unter&nbsp;<a href=\"https:\/\/www.augsburg-mitte.feg.de\/admin\/globals\/settings#sync\">Einstellungen \u2794 Datenimport<\/a>&nbsp;aktiviert werden. Die Kalendernamen aus ChurchTools werden automatisch als Schlagw\u00f6rter verwendet. Personen und Gruppen folgen in der n\u00e4chsten Version.<\/li>\n\n\n\n<li>Wir haben die Termin-Detailseite \u00fcberarbeitet.<\/li>\n<\/ul>\n\n\n\n<h3 class=\"wp-block-heading\">Sonstige \u00c4nderungen<\/h3>\n\n\n\n<ul class=\"wp-block-list\">\n<li>Wir haben in den Einstellungen Felder und Tabs neu sortiert.<\/li>\n\n\n\n<li>Viele weitere Optimierungen und Fehlerbehebungen<\/li>\n<\/ul>\n\n\n\n<h2 class=\"wp-block-heading\">v0.7.0&nbsp;<small>Ver\u00f6ffentlicht am 16.05.2022<\/small><\/h2>\n\n\n\n<h3 class=\"wp-block-heading\">Wichtige \u00c4nderungen<\/h3>\n\n\n\n<ul class=\"wp-block-list\">\n<li>Der Datenimport von&nbsp;<strong>Event- und Kalendereintr\u00e4gen aus ChurchTools<\/strong>&nbsp;wurde fertig gestellt und kann unter&nbsp;<a href=\"https:\/\/www.augsburg-mitte.feg.de\/admin\/globals\/settings#sync\">Einstellungen \u2794 Datenimport<\/a>&nbsp;aktiviert werden. Die Kalendernamen aus ChurchTools werden automatisch als Schlagw\u00f6rter verwendet.<br>Personen und Gruppen folgen in der n\u00e4chsten Version.<\/li>\n<\/ul>\n\n\n\n<h3 class=\"wp-block-heading\">Sonstige \u00c4nderungen<\/h3>\n\n\n\n<ul class=\"wp-block-list\">\n<li>Viele weitere Optimierungen und Fehlerbehebungen<\/li>\n<\/ul>\n\n\n\n<h2 class=\"wp-block-heading\">v0.6.0&nbsp;<small>Ver\u00f6ffentlicht am 05.04.2022<\/small><\/h2>\n\n\n\n<h3 class=\"wp-block-heading\">Wichtige \u00c4nderungen<\/h3>\n\n\n\n<ul class=\"wp-block-list\">\n<li>Es k\u00f6nnen nun auch&nbsp;<strong>Downloads<\/strong>&nbsp;im Content bereitgestellt werden.<\/li>\n\n\n\n<li><strong>Tabs<\/strong>&nbsp;werden jetzt auf mobilen Endger\u00e4ten&nbsp;<strong>besser dargestellt<\/strong>.<\/li>\n\n\n\n<li>Wir haben das&nbsp;<strong>Design der CMS-Oberfl\u00e4che<\/strong>&nbsp;\u00fcberarbeitet.<\/li>\n\n\n\n<li>Wir haben einige&nbsp;<strong>gemeldete Fehler<\/strong>&nbsp;der Beta-Kunden&nbsp;<strong>behoben<\/strong>&nbsp;&#8211; Danke f\u00fcr die Meldungen!<\/li>\n<\/ul>\n\n\n\n<h3 class=\"wp-block-heading\">Sonstige \u00c4nderungen<\/h3>\n\n\n\n<ul class=\"wp-block-list\">\n<li>Viele weitere Optimierungen und Fehlerbehebungen<\/li>\n<\/ul>\n\n\n\n<h2 class=\"wp-block-heading\">v0.5.0&nbsp;<small>Ver\u00f6ffentlicht am 04.02.2022<\/small><\/h2>\n\n\n\n<h3 class=\"wp-block-heading\">Wichtige \u00c4nderungen<\/h3>\n\n\n\n<ul class=\"wp-block-list\">\n<li>Die&nbsp;<strong>Hauptnavigation<\/strong>&nbsp;passt sich optimal an den verf\u00fcgbaren Platz an.<\/li>\n\n\n\n<li>Im&nbsp;<strong>Header<\/strong>&nbsp;k\u00f6nnen optional 1 bis 2&nbsp;<strong>Call-to-Action-Elemente<\/strong>&nbsp;platziert werden [<a href=\"https:\/\/www.augsburg-mitte.feg.de\/admin\/globals\/settings#header\">Einstellungen \u2794 Header<\/a>].<\/li>\n\n\n\n<li>Es stehen neue Stile f\u00fcr&nbsp;<strong>Teaser<\/strong>&nbsp;auf Portalseiten zur Verf\u00fcgung.<\/li>\n\n\n\n<li>Wir haben einige&nbsp;<strong>Elemente f\u00fcr Portalseiten<\/strong>&nbsp;\u00fcberarbeitet und vereinfacht.<\/li>\n<\/ul>\n\n\n\n<h3 class=\"wp-block-heading\">Sonstige \u00c4nderungen<\/h3>\n\n\n\n<ul class=\"wp-block-list\">\n<li>Viele weitere Optimierungen und Fehlerbehebungen<\/li>\n<\/ul>\n\n\n\n<h2 class=\"wp-block-heading\">v0.4.0&nbsp;<small>Ver\u00f6ffentlicht am 09.12.2021<\/small><\/h2>\n\n\n\n<h3 class=\"wp-block-heading\">Wichtige \u00c4nderungen<\/h3>\n\n\n\n<ul class=\"wp-block-list\">\n<li>Die&nbsp;<strong>Benutzerverwaltung<\/strong>&nbsp;ist jetzt verf\u00fcgbar. Es k\u00f6nnen Benutzern verschiedene&nbsp;<strong>Rollen<\/strong>&nbsp;zugewiesen werden.<\/li>\n\n\n\n<li>Inhalte erhalten eine&nbsp;<strong>\u00c4nderungshistorie<\/strong>&nbsp;mit der M\u00f6glichkeit \u00e4ltere Versionen wiederherzustellen.<\/li>\n\n\n\n<li>Wir haben die&nbsp;<strong>Event-Synchronisation<\/strong>&nbsp;mit ChurchTools \u00fcberarbeitet.<\/li>\n<\/ul>\n\n\n\n<h3 class=\"wp-block-heading\">Sonstige \u00c4nderungen<\/h3>\n\n\n\n<ul class=\"wp-block-list\">\n<li>Viele weitere Optimierungen und Fehlerbehebungen<\/li>\n<\/ul>\n\n\n\n<h2 class=\"wp-block-heading\">v0.3.0&nbsp;<small>Ver\u00f6ffentlicht am 20.09.2021<\/small><\/h2>\n\n\n\n<h3 class=\"wp-block-heading\">Wichtige \u00c4nderungen<\/h3>\n\n\n\n<ul class=\"wp-block-list\">\n<li>Ein&nbsp;<strong>neues Theme<\/strong>&nbsp;ist verf\u00fcgbar: &#8222;Air&#8220;.<\/li>\n\n\n\n<li>Wir haben die&nbsp;<strong>Events<\/strong>&nbsp;\u00fcberarbeitet (Detailseite, Wiederholungen u. v. m.).<\/li>\n<\/ul>\n\n\n\n<ul class=\"wp-block-list\">\n<li>Es stehen neue&nbsp;<strong>Einstellungen f\u00fcr die Header- und Footer-Gestaltung<\/strong>&nbsp;zur Verf\u00fcgung.<\/li>\n\n\n\n<li>Viele&nbsp;<strong>Layout-Einstellungen<\/strong>&nbsp;werden jetzt&nbsp;<strong>durch Bilder erkl\u00e4rt<\/strong>.<\/li>\n\n\n\n<li>Neue Einstellung:&nbsp;<strong>\u00bbZur\u00fcck nach oben\u00ab-Button<\/strong>&nbsp;anzeigen.<\/li>\n<\/ul>\n\n\n\n<h3 class=\"wp-block-heading\">Sonstige \u00c4nderungen<\/h3>\n\n\n\n<ul class=\"wp-block-list\">\n<li>Viele weitere Optimierungen und Fehlerbehebungen<\/li>\n<\/ul>\n\n\n\n<h2 class=\"wp-block-heading\">v0.2.0&nbsp;<small>Ver\u00f6ffentlicht am 04.06.2021<\/small><\/h2>\n\n\n\n<h3 class=\"wp-block-heading\">Wichtige \u00c4nderungen<\/h3>\n\n\n\n<ul class=\"wp-block-list\">\n<li>In den Elementen&nbsp;<strong>Tabs<\/strong>&nbsp;und&nbsp;<strong>Ausklappbarer Inhalt<\/strong>&nbsp;k\u00f6nnen jetzt au\u00ad\u00dfer Text auch andere Elemente genutzt werden.<\/li>\n\n\n\n<li>Im&nbsp;<strong>Galerie<\/strong>-Element k\u00f6nnen Bildunterschriften angezeigt werden.<\/li>\n\n\n\n<li>In den&nbsp;<a href=\"https:\/\/www.augsburg-mitte.feg.de\/admin\/globals\/settings\">Einstellungen<\/a>&nbsp;kann die&nbsp;<strong>Adresse<\/strong>&nbsp;und der&nbsp;<strong>Footer-Text<\/strong>&nbsp;ge\u00e4ndert werden.<\/li>\n<\/ul>\n\n\n\n<h3 class=\"wp-block-heading\">Sonstige \u00c4nderungen<\/h3>\n\n\n\n<ul class=\"wp-block-list\">\n<li>Bei allen Bildern wird der&nbsp;<strong>Alt-Tag<\/strong>&nbsp;korrekt ausgegeben.<\/li>\n\n\n\n<li>In den Elementen&nbsp;<strong>Tabs<\/strong>&nbsp;und&nbsp;<strong>Ausklappbarer Inhalt<\/strong>&nbsp;wird Text nun konsistent dargestellt.<\/li>\n\n\n\n<li>Viele weitere Optimierungen und Fehlerbehebungen<\/li>\n<\/ul>\n\n\n\n<h2 class=\"wp-block-heading\">v0.1.0&nbsp;<small>Ver\u00f6ffentlicht am 11.05.2021<\/small><\/h2>\n\n\n\n<h3 class=\"wp-block-heading\">Wichtige \u00c4nderungen<\/h3>\n\n\n\n<ul class=\"wp-block-list\">\n<li>Das&nbsp;<strong>Dashbord<\/strong>&nbsp;enth\u00e4lt jetzt ein Widget mit den&nbsp;<strong>neuesten \u00c4nderungen<\/strong>.<\/li>\n\n\n\n<li><strong>Sidebar-Elemente<\/strong>&nbsp;k\u00f6nnen erstellt und in&nbsp;<strong>Sektionen<\/strong>&nbsp;gruppiert werden. Elemente und Sektionen k\u00f6nnen Inhalten zugeordnet werden, au\u00dferdem gibt es eine&nbsp;<strong>Standard-Sidebar unter Einstellungen<\/strong>.<\/li>\n<\/ul>\n\n\n\n<h3 class=\"wp-block-heading\">Sonstige \u00c4nderungen<\/h3>\n\n\n\n<ul class=\"wp-block-list\">\n<li>Viele weitere Optimierungen und Fehlerbehebungen<\/li>\n<\/ul>\n","protected":false},"excerpt":{"rendered":"<p>v1.18.0 Ver\u00f6ffentlicht am 03.04.2025 Wichtige \u00c4nderungen Sonstige \u00c4nderungen v1.17.0 Ver\u00f6ffentlicht am 13.02.2025 Wichtige \u00c4nderungen Sonstige \u00c4nderungen v1.16.0 Ver\u00f6ffentlicht am 22.11.2024 Wichtige \u00c4nderungen Sonstige \u00c4nderungen v1.15.0&nbsp;Ver\u00f6ffentlicht am 17.09.2024 Wichtige \u00c4nderungen Sonstige \u00c4nderungen v1.14.0&nbsp;Ver\u00f6ffentlicht am 18.06.2024 Wichtige \u00c4nderungen Sonstige \u00c4nderungen v1.13.0&nbsp;Ver\u00f6ffentlicht am 15.05.2024 Wichtige \u00c4nderungen Sonstige \u00c4nderungen v1.12.0&nbsp;Ver\u00f6ffentlicht am 22.01.2024 Wichtige \u00c4nderungen Sonstige \u00c4nderungen v1.11.0&nbsp;Ver\u00f6ffentlicht am 21.11.2023 [&hellip;]<\/p>\n","protected":false},"author":3,"featured_media":0,"comment_status":"open","ping_status":"closed","template":"","meta":{"_acf_changed":false,"footnotes":""},"doc_category":[534],"doc_tag":[],"knowledge_base":[528],"class_list":["post-15930","docs","type-docs","status-publish","hentry","doc_category-changelog-website","knowledge_base-changelog"],"acf":[],"year_month":"2026-05","word_count":2627,"total_views":"1283","reactions":{"happy":"0","normal":"0","sad":"0"},"author_info":{"name":"Hans-Helge B\u00fcrger","author_nicename":"hhbuerger","author_url":"https:\/\/staging.churchtools.academy\/de\/author\/hhbuerger\/"},"doc_category_info":[{"term_name":"Changelog Website","term_url":"https:\/\/staging.churchtools.academy\/de\/help\/changelog\/changelog-website\/"}],"doc_tag_info":[],"knowledge_base_info":[{"term_name":"Changelog","term_url":"https:\/\/staging.churchtools.academy\/de\/help\/changelog\/","term_slug":"changelog"}],"knowledge_base_slug":["changelog"],"_links":{"self":[{"href":"https:\/\/staging.churchtools.academy\/de\/wp-json\/wp\/v2\/docs\/15930","targetHints":{"allow":["GET"]}}],"collection":[{"href":"https:\/\/staging.churchtools.academy\/de\/wp-json\/wp\/v2\/docs"}],"about":[{"href":"https:\/\/staging.churchtools.academy\/de\/wp-json\/wp\/v2\/types\/docs"}],"author":[{"embeddable":true,"href":"https:\/\/staging.churchtools.academy\/de\/wp-json\/wp\/v2\/users\/3"}],"replies":[{"embeddable":true,"href":"https:\/\/staging.churchtools.academy\/de\/wp-json\/wp\/v2\/comments?post=15930"}],"version-history":[{"count":19,"href":"https:\/\/staging.churchtools.academy\/de\/wp-json\/wp\/v2\/docs\/15930\/revisions"}],"predecessor-version":[{"id":27486,"href":"https:\/\/staging.churchtools.academy\/de\/wp-json\/wp\/v2\/docs\/15930\/revisions\/27486"}],"wp:attachment":[{"href":"https:\/\/staging.churchtools.academy\/de\/wp-json\/wp\/v2\/media?parent=15930"}],"wp:term":[{"taxonomy":"doc_category","embeddable":true,"href":"https:\/\/staging.churchtools.academy\/de\/wp-json\/wp\/v2\/doc_category?post=15930"},{"taxonomy":"doc_tag","embeddable":true,"href":"https:\/\/staging.churchtools.academy\/de\/wp-json\/wp\/v2\/doc_tag?post=15930"},{"taxonomy":"knowledge_base","embeddable":true,"href":"https:\/\/staging.churchtools.academy\/de\/wp-json\/wp\/v2\/knowledge_base?post=15930"}],"curies":[{"name":"wp","href":"https:\/\/api.w.org\/{rel}","templated":true}]}}